{"id":714,"date":"2023-05-05T09:36:22","date_gmt":"2023-05-05T09:36:22","guid":{"rendered":"https:\/\/csmsigorta.com.tr\/tarim-sigortasi\/?page_id=714"},"modified":"2023-05-05T10:00:28","modified_gmt":"2023-05-05T10:00:28","slug":"aydinlatma-metni","status":"publish","type":"page","link":"https:\/\/csmsigorta.com.tr\/tarim-sigortasi\/aydinlatma-metni\/","title":{"rendered":"Ayd\u0131nlatma Metni"},"content":{"rendered":"\t\t<div data-elementor-type=\"wp-page\" data-elementor-id=\"714\" class=\"elementor elementor-714\">\n\t\t\t\t\t\t\t\t\t<section class=\"elementor-section elementor-top-section elementor-element elementor-element-d0ad4a8 elementor-section-boxed elementor-section-height-default elementor-section-height-default tf-sticky-section tf-sticky-no\" data-id=\"d0ad4a8\" data-element_type=\"section\" data-settings=\"{&quot;background_background&quot;:&quot;classic&quot;,&quot;tf_sticky&quot;:&quot;no&quot;}\">\n\t\t\t\t\t\t\t<div class=\"elementor-background-overlay\"><\/div>\n\t\t\t\t\t\t\t<div class=\"elementor-container elementor-column-gap-default\">\n\t\t\t\t\t<div class=\"elementor-column elementor-col-100 elementor-top-column elementor-element elementor-element-22b27b0\" data-id=\"22b27b0\" data-element_type=\"column\">\n\t\t\t<div class=\"elementor-widget-wrap elementor-element-populated\">\n\t\t\t\t\t\t\t\t\t<\/div>\n\t\t<\/div>\n\t\t\t\t\t\t\t<\/div>\n\t\t<\/section>\n\t\t\t\t<section class=\"elementor-section elementor-top-section elementor-element elementor-element-f2caff4 elementor-section-boxed elementor-section-height-default elementor-section-height-default tf-sticky-section tf-sticky-no\" data-id=\"f2caff4\" data-element_type=\"section\" data-settings=\"{&quot;tf_sticky&quot;:&quot;no&quot;}\">\n\t\t\t\t\t\t<div class=\"elementor-container elementor-column-gap-default\">\n\t\t\t\t\t<div class=\"elementor-column elementor-col-100 elementor-top-column elementor-element elementor-element-9c50265\" data-id=\"9c50265\" data-element_type=\"column\" data-settings=\"{&quot;background_background&quot;:&quot;classic&quot;}\">\n\t\t\t<div class=\"elementor-widget-wrap elementor-element-populated\">\n\t\t\t\t\t\t\t\t<div class=\"elementor-element elementor-element-f2d84e4 elementor-widget elementor-widget-text-editor\" data-id=\"f2d84e4\" data-element_type=\"widget\" data-widget_type=\"text-editor.default\">\n\t\t\t\t<div class=\"elementor-widget-container\">\n\t\t\t<style>\/*! elementor - v3.12.2 - 23-04-2023 *\/\n.elementor-widget-text-editor.elementor-drop-cap-view-stacked .elementor-drop-cap{background-color:#69727d;color:#fff}.elementor-widget-text-editor.elementor-drop-cap-view-framed .elementor-drop-cap{color:#69727d;border:3px solid;background-color:transparent}.elementor-widget-text-editor:not(.elementor-drop-cap-view-default) .elementor-drop-cap{margin-top:8px}.elementor-widget-text-editor:not(.elementor-drop-cap-view-default) .elementor-drop-cap-letter{width:1em;height:1em}.elementor-widget-text-editor .elementor-drop-cap{float:left;text-align:center;line-height:1;font-size:50px}.elementor-widget-text-editor .elementor-drop-cap-letter{display:inline-block}<\/style>\t\t\t\t<p><strong>\u00c7SM S\u0130GORTA ARACILIK H\u0130ZMETLER\u0130 LTD.\u015eT\u0130.<\/strong><\/p><p><strong>K\u0130\u015e\u0130SEL VER\u0130LER\u0130N KORUNMASI KANUNU KAPSAMINDA<\/strong><\/p><p><strong><u>TEDAR\u0130K\u00c7\u0130 VE \u0130\u015e ORTAKLI\u011eI AYDINLATMA METN\u0130<\/u><\/strong><\/p><p>Biz,\u00a0<strong>\u00c7SM S\u0130GORTA Arac\u0131l\u0131k Hizmetleri Ltd.\u015eti.\u00a0<\/strong>\u00a0(\u201c<strong>\u00c7SM\u2019\u2019\u00a0<\/strong>veya \u2018\u2019<strong>\u015eirket<\/strong>\u2019\u2019) olarak, ki\u015fisel verilerinizin sizler i\u00e7in ne kadar \u00f6nemli oldu\u011funun fark\u0131nday\u0131z. Faaliyetlerimizi icra ederken, b\u00fcnyemizde bulunan ki\u015fisel verilerinizi emanet olarak g\u00f6r\u00fcyor ve bir \u201cEmanet\u00e7i\u201d sorumlulu\u011fu ile ki\u015fisel verilerinizin her t\u00fcrl\u00fc hukuka ayk\u0131r\u0131 i\u015fleme faaliyetlerine kar\u015f\u0131 g\u00fcvenliklerinin ve gizliliklerinin sa\u011flanmas\u0131 ad\u0131na gerekli t\u00fcm idari ve teknik tedbirleri alarak ki\u015fisel verilerinizi koruyoruz.<\/p><p>\u0130\u015fbu Ayd\u0131nlatma Metni, 6698 Say\u0131l\u0131 Ki\u015fisel Verilerin Korunmas\u0131 Kanunu\u2019nun 10. Maddesi kapsam\u0131nda,\u00a0<strong>\u00c7SM\u00a0<\/strong>taraf\u0131ndan gerekli g\u00f6r\u00fclen \u00fcr\u00fcn ve hizmetlerin sizlerden sat\u0131n al\u0131m\u0131 ve taraf\u0131m\u0131za tedarik edilmesi s\u00fcresince bizimle payla\u015fabilece\u011finiz ki\u015fisel verileriniz ile ilgili olarak sizi ayd\u0131nlatmak ve bilgilendirmek amac\u0131yla veri sorumlusu s\u0131fat\u0131yla\u00a0<strong>\u00c7SM\u00a0<\/strong>taraf\u0131ndan haz\u0131rlanm\u0131\u015ft\u0131r.<\/p><p>\u0130\u015fbu Ayd\u0131nlatma Metni ile<strong>\u00a0\u00c7SM<\/strong>\u2019\u0131n kimli\u011fi\u00a0<strong>(KVKK 10.a)<\/strong>, bizimle payla\u015fabilece\u011finiz ki\u015fisel verilerinizin hangi ama\u00e7larla i\u015flenece\u011fi\u00a0<strong>(KVKK 10.b)<\/strong>, i\u015flenen ki\u015fisel verilerinizin kimlere hangi ama\u00e7larla aktar\u0131labilece\u011fi\u00a0<strong>(KVKK 10.c)<\/strong>, veri toplama y\u00f6ntemlerimiz ile hukuki sebepleri\u00a0<strong>(KVKK 10.\u00e7)<\/strong>\u00a0ve sahip oldu\u011funuz haklar\u0131n\u0131z\u00a0<strong>(KVKK 10.d)<\/strong>\u00a0konusunda sizleri bilgilendirmeyi ama\u00e7lamaktay\u0131z.<\/p><ol><li><strong><u>Veri Sorumlusunun Kimli\u011fi (KVKK 10.a)<\/u><\/strong><\/li><\/ol><p>Ki\u015fisel verileriniz, veri sorumlusu s\u0131fat\u0131 ile\u00a0<strong>\u00c7SM S\u0130GORTA Arac\u0131l\u0131k Hizmetleri Ltd.\u015eti.\u00a0<\/strong>\u00a0nezdinde i\u015flenecek, muhafaza edilecek ve korunacakt\u0131r.<\/p><p><strong><u>2.Ki\u015fisel Verilerinizin \u0130\u015flenme Amac\u0131 (KVKK 10.b)<\/u><\/strong><\/p><p><strong>\u00c7SM\u00a0<\/strong>taraf\u0131ndan sizlerden gerekli \u00fcr\u00fcn ve hizmetlerin temini ve tedarik edilmesi s\u00fcresince bizlerle payla\u015fabilece\u011finiz ki\u015fisel verileriniz, Kanun\u2019un 5. ve 6. maddelerinde belirtilen ki\u015fisel veri i\u015fleme \u015fartlar\u0131 ve a\u015fa\u011f\u0131daki ama\u00e7lar \u00e7er\u00e7evesinde,\u00a0<strong>\u00c7SM\u00a0<\/strong>taraf\u0131ndan i\u015flenmektedir.<\/p><ul><li>Toplanan ki\u015fisel verileriniz, \u015eirketin sat\u0131n alma, muhasebe, \u00fcretim, planlama, sat\u0131\u015f ve pazarlama faaliyetlerinin y\u00fcr\u00fct\u00fclmesi,<\/li><li>Ticari ili\u015fkinin \u015fartlar\u0131n\u0131n belirlenebilmesi, kar\u015f\u0131l\u0131kl\u0131 m\u00fczakere s\u00fcre\u00e7lerinin y\u00f6netilmesi, s\u00f6zle\u015fme haz\u0131rl\u0131klar\u0131 ve sair hususlarda ileti\u015fim kurulmas\u0131,<\/li><li>\u0130\u015f s\u00fcre\u00e7lerinin y\u00fcr\u00fct\u00fclmesi, takibi, denetimi, kontrol\u00fc,<\/li><li>Teklif taleplerinin toplanmas\u0131 ve iletilmesi<\/li><li>Tedarik\u00e7i ve i\u015f ortaklar\u0131 ile olan ticari ili\u015fkilerinin y\u00fcr\u00fct\u00fclmesi, sipari\u015f ve teslimat i\u015flemleri ile sat\u0131n alma sonras\u0131 destek i\u015flemlerinin y\u00fcr\u00fct\u00fclmesi, tedarik\u00e7i ve i\u015f ortaklar\u0131na talep ve \u015fik\u00e2yetlerin y\u00f6nlendirilmesi, tedarik\u00e7i ve i\u015f ortakl\u0131\u011f\u0131 memnuniyeti ile hizmet kalitesi de\u011ferlendirmelerinin yap\u0131lmas\u0131 ile bunlara ba\u011fl\u0131 i\u015flemlerin ger\u00e7ekle\u015ftirilmesi,<\/li><li>\u015eirketimizce taraf\u0131n\u0131zdan temin edilen \u00fcr\u00fcn ve hizmetlerden yararlan\u0131lmas\u0131 s\u00fcresince gerekli \u00e7al\u0131\u015fmalar\u0131n i\u015f birimlerimiz taraf\u0131ndan yap\u0131lmas\u0131 ve ilgili i\u015f s\u00fcre\u00e7lerinin y\u00fcr\u00fct\u00fclmesi,<\/li><li>\u0130leti\u015fim, lojistik ve i\u015f sa\u011fl\u0131\u011f\u0131 ve g\u00fcvenli\u011fi s\u00fcre\u00e7lerinin y\u00fcr\u00fct\u00fclmesi,<\/li><li>Tedarik\u00e7i ve i\u015f ortakl\u0131\u011f\u0131 s\u00f6zle\u015fmelerinden do\u011fan y\u00fck\u00fcml\u00fcl\u00fcklerden do\u011fan gerekliliklerin yerine getirilmesi ile bu ili\u015fkilerin iyile\u015ftirme s\u00fcre\u00e7lerinin y\u00f6netilmesi,<\/li><li>Taraflar aras\u0131ndaki s\u00f6zle\u015fmesel ili\u015fkinin olu\u015fturulmas\u0131, yorumlanmas\u0131, taahh\u00fct ve beyan gibi kay\u0131tlar\u0131n ispat amac\u0131yla kullan\u0131lmas\u0131,<\/li><li>Te\u015fvik ve yasal y\u00fck\u00fcml\u00fcl\u00fcklerimizin yerine getirilmesi ile ilgili durumlarda kamu otoritelere y\u00f6nelik gerekli bildirimlerin yap\u0131lmas\u0131<\/li><li>Finans, muhasebe, \u00f6deme, tahsilat, iade, talep ve \u015fik\u00e2yetlerin takibi ve faturalama i\u015flemlerinin y\u00fcr\u00fct\u00fclmesi,<\/li><li>\u015eirketimizin ticari ve i\u015f stratejilerinin belirlenmesi ve uygulanmas\u0131 ve \u015eirketimizin ticari politikalar\u0131n\u0131n y\u00fcr\u00fct\u00fclmesinin temini ama\u00e7lar\u0131yla KVK Kanunu\u2019nun 5. ve 6. maddelerinde belirtilen ki\u015fisel veri i\u015fleme \u015fartlar\u0131 ve ama\u00e7lar\u0131 d\u00e2hilinde i\u015flenecektir.<\/li><\/ul><p><strong><u>3.Ki\u015fisel Verilerinizin Aktar\u0131lmas\u0131 ve Aktar\u0131lma Amac\u0131 (KVKK 10.c)<\/u><\/strong><\/p><p>Bu b\u00f6l\u00fcmde bizimle payla\u015fabilece\u011finiz ki\u015fisel veriler, \u015eirketimizce taraf\u0131n\u0131zdan temin etti\u011fi \u00fcr\u00fcn ve hizmetlerden yararlanabilmek i\u00e7in gerekli \u00e7al\u0131\u015fmalar\u0131n i\u015f birimlerimiz taraf\u0131ndan yap\u0131lmas\u0131; \u015eirketimizce sizlerden tedarik edilen \u00fcr\u00fcn ve hizmetlerin \u015eirket ihtiya\u00e7lar\u0131 do\u011frultusunda kullan\u0131lmas\u0131, bunlar\u0131n \u015eirket altyap\u0131s\u0131na entegre edilmesi, be\u011feni ve ihtiya\u00e7lar\u0131m\u0131z dahilinde tedarik s\u00fcrecinin devaml\u0131l\u0131\u011f\u0131n\u0131n sa\u011flanmas\u0131, m\u00fc\u015fteri ili\u015fkilerimizin y\u00fcr\u00fct\u00fclmesi, di\u011fer i\u015f orta\u011f\u0131 ve tedarik\u00e7ilerimizle olan hizmet s\u00f6zle\u015fmelerimizin ifa edilmesi, \u015eirketimizin ve \u015eirketimizle i\u015f ili\u015fkisi i\u00e7erisinde olan ki\u015filerin hukuki, ticari ve teknik g\u00fcvenli\u011finin temini; \u015eirketimizin ticari ve i\u015f stratejilerinin belirlenmesi ve uygulanmas\u0131, ticari risk ve ihtiya\u00e7lar\u0131m\u0131z\u0131n tespiti ve analiz edilmesi ile bunlar\u0131n temini ama\u00e7lar\u0131yla m\u00fc\u015fterilerimize, di\u011fer i\u015f ortaklar\u0131m\u0131za, ve tedarik\u00e7ilerimize, hizmet sa\u011flay\u0131c\u0131lar\u0131m\u0131za, \u015eirket yetkililerine, hissedarlar\u0131m\u0131za, bizimle gizlilik s\u00f6zle\u015fmesi \u00e7er\u00e7evesinde \u00e7al\u0131\u015fan bizden ba\u011f\u0131ms\u0131z ancak bize hizmet veren dan\u0131\u015fmanlar\u0131m\u0131z ve sair \u00e7\u00f6z\u00fcm ortaklar\u0131m\u0131zla ve yine gerekli olmas\u0131 halinde ilgili 3. Ki\u015filerle ve kamu kurum ve kurulu\u015flar ile adli makamlarla payla\u015f\u0131labilecektir.<\/p><p><strong><u>4.Ki\u015fisel Verilerin Toplanma Y\u00f6ntemi ve Hukuki Sebebi (KVKK 10.\u00e7)<\/u><\/strong><\/p><p>Burada bizimle payla\u015ft\u0131\u011f\u0131n\u0131z ki\u015fisel verileriniz, Kanun\u2019un 5. Maddesinde kaleme al\u0131nan \u2018\u2019bir s\u00f6zle\u015fmenin kurulmas\u0131 veya ifas\u0131yla do\u011frudan do\u011fruya ilgili olmas\u0131 kayd\u0131yla, s\u00f6zle\u015fmenin taraflar\u0131na ait ki\u015fisel verilerin i\u015flenmesinin gerekli olmas\u0131\u2019\u2019, \u2018\u2019veri sorumlusunun hukuki y\u00fck\u00fcml\u00fcl\u00fc\u011f\u00fcn\u00fc yerine getirebilmesi i\u00e7in zorunlu olmas\u0131\u2019\u2019, \u201cilgili ki\u015finin temel hak ve \u00f6zg\u00fcrl\u00fcklerine zarar vermemek kayd\u0131yla, veri sorumlusunun me\u015fru menfaatleri i\u00e7in veri i\u015flenmesinin zorunlu olmas\u0131\u201d, \u2018\u2019kanunlarda a\u00e7\u0131k\u00e7a \u00f6ng\u00f6r\u00fclmesi\u2019\u2019 ile son olarak da talebinize konu olabilecek \u201cbir hakk\u0131n tesisi, kullan\u0131lmas\u0131 veya korunmas\u0131\u201d hukuki sebebi ile \u015firketimiz taraf\u0131ndan fiziki ve elektronik ortamlarda sizlerden al\u0131nan teklif, s\u00f6zle\u015fme, sipari\u015f formu, fatura, sevk irsaliyesi ve di\u011fer kay\u0131tlar ile ve e-posta ile otomatik veya k\u0131smen otomatik olmayan yollarla i\u015flenmektedir.<\/p><ol start=\"5\"><li><strong><u>Kanuni Haklar\u0131n\u0131z (KVKK 10.d)<\/u><\/strong><\/li><\/ol><p>Kanun\u2019un 11. Maddesinde haklar\u0131n\u0131z kaleme al\u0131nm\u0131\u015f olup bu madde kapsam\u0131nda a\u015fa\u011f\u0131daki haklara sahip oldu\u011funuzu belirtmek isteriz:<\/p><ol><li>a) ki\u015fisel verilerinizin i\u015flenip i\u015flenmedi\u011fini \u00f6\u011frenme;<\/li><li>b) ki\u015fisel verileriniz i\u015flenmi\u015fse buna ili\u015fkin bilgi talep etme;<\/li><li>c) ki\u015fisel verilerinizin i\u015flenme amac\u0131n\u0131 ve amac\u0131na uygun kullan\u0131l\u0131p kullan\u0131lmad\u0131\u011f\u0131n\u0131 \u00f6\u011frenme;<\/li><\/ol><p>\u00e7) ki\u015fisel verilerinizin yurt i\u00e7inde veya yurt d\u0131\u015f\u0131nda aktar\u0131ld\u0131\u011f\u0131 \u00fc\u00e7\u00fcnc\u00fc ki\u015fileri bilme;<\/p><ol><li>d) ki\u015fisel verilerinizin eksik veya yanl\u0131\u015f i\u015flenmi\u015f ise d\u00fczeltilmesini isteme;<\/li><li>e) Kanun\u2019un 7. Maddesinde \u00f6ng\u00f6r\u00fclen \u015fartlar \u00e7er\u00e7evesinde ki\u015fisel verilerinizin silinmesini veya yok edilmesini isteme;<\/li><li>f) ki\u015fisel verilerinizin aktar\u0131ld\u0131\u011f\u0131 \u00fc\u00e7\u00fcnc\u00fc ki\u015filere yukar\u0131da say\u0131lan (d) ve (e) bentleri uyar\u0131nca yap\u0131lan i\u015flemlerin bildirilmesini isteme;<\/li><li>g) ki\u015fisel verilerinizin m\u00fcnhas\u0131ran otomatik sistemler ile analiz edilmesi nedeniyle aleyhinize bir sonucun ortaya \u00e7\u0131kmas\u0131na itiraz etme ve<\/li><\/ol><p>\u011f) ki\u015fisel verilerinizin kanuna ayk\u0131r\u0131 olarak i\u015flenmesi sebebiyle zarara u\u011fran\u0131lmas\u0131 halinde zarar\u0131n giderilmesini talep etme.<\/p><p>Burada yer alan haklar\u0131n\u0131z konusunda taleplerinizi Veri Sorumlusuna Ba\u015fvuru Usul ve Esaslar\u0131 Hakk\u0131nda Tebli\u011f\u2019e g\u00f6re bize (<strong>\u00c7SM S\u0130GORTA Arac\u0131l\u0131k Hizmetleri Ltd.\u015eti. )<\/strong>\u00a0ula\u015fabilir ve sizin i\u00e7in haz\u0131rlad\u0131\u011f\u0131m\u0131z ve internet sayfam\u0131zdan ula\u015fabilece\u011finiz\u00a0<a href=\"http:\/\/www.paspartutasarim.com\/yat-ve-tekne-sigortasi\/basvuru-formu.docx\"><strong>KVKK Talep Formu<\/strong><\/a>\u2019muzu kullanabilirsiniz.<\/p><p>\u0130\u015fbu Ayd\u0131nlatma Metni, veri g\u00fcvenli\u011finin ve gizlili\u011finin eksiksiz bir \u015fekilde sa\u011flanmas\u0131, yasal y\u00fck\u00fcml\u00fcl\u00fcklerimizin gerekti\u011fi gibi ve tam olarak yerine getirilebilmesi ve ilgili ki\u015filer nezdinde ortaya \u00e7\u0131kabilecek her t\u00fcrl\u00fc hak kay\u0131plar\u0131n\u0131n \u00f6n\u00fcne ge\u00e7ilebilmesi amac\u0131yla, mevzuattaki g\u00fcncel de\u011fi\u015fiklikler ve yenilikler ile Ki\u015fisel Verilerin Korunmas\u0131 Kurulu taraf\u0131ndan verilen kararlar ile yap\u0131lan a\u00e7\u0131klamalar uyar\u0131nca g\u00fcncellenebilmektedir. S\u00f6z konusu durumlar\u0131nda g\u00fcncel Ayd\u0131nlatma Metni taraf\u0131n\u0131za e-posta yoluyla iletilecek ve\/veya \u0130nternet Sitemiz \u00fczerinden ilan edilecektir.<\/p>\t\t\t\t\t\t<\/div>\n\t\t\t\t<\/div>\n\t\t\t\t\t<\/div>\n\t\t<\/div>\n\t\t\t\t\t\t\t<\/div>\n\t\t<\/section>\n\t\t\t\t\t\t\t<\/div>\n\t\t","protected":false},"excerpt":{"rendered":"<p>\u00c7SM S\u0130GORTA ARACILIK H\u0130ZMETLER\u0130 LTD.\u015eT\u0130. K\u0130\u015e\u0130SEL VER\u0130LER\u0130N KORUNMASI KANUNU KAPSAMINDA TEDAR\u0130K\u00c7\u0130 VE \u0130\u015e ORTAKLI\u011eI AYDINLATMA METN\u0130 Biz,\u00a0\u00c7SM S\u0130GORTA Arac\u0131l\u0131k Hizmetleri Ltd.\u015eti.\u00a0\u00a0(\u201c\u00c7SM\u2019\u2019\u00a0veya \u2018\u2019\u015eirket\u2019\u2019) olarak, ki\u015fisel verilerinizin sizler i\u00e7in ne kadar \u00f6nemli oldu\u011funun fark\u0131nday\u0131z. Faaliyetlerimizi icra ederken, b\u00fcnyemizde bulunan ki\u015fisel verilerinizi emanet olarak g\u00f6r\u00fcyor ve bir \u201cEmanet\u00e7i\u201d sorumlulu\u011fu ile ki\u015fisel verilerinizin her t\u00fcrl\u00fc hukuka ayk\u0131r\u0131 i\u015fleme faaliyetlerine &#8230; <a title=\"Ayd\u0131nlatma Metni\" class=\"read-more\" href=\"https:\/\/csmsigorta.com.tr\/tarim-sigortasi\/aydinlatma-metni\/\" aria-label=\"More on Ayd\u0131nlatma Metni\">Devam\u0131n\u0131 oku&#8230;<\/a><\/p>\n","protected":false},"author":1,"featured_media":0,"parent":0,"menu_order":0,"comment_status":"closed","ping_status":"closed","template":"elementor_header_footer","meta":{"footnotes":""},"class_list":["post-714","page","type-page","status-publish"],"yoast_head":"<!-- This site is optimized with the Yoast SEO plugin v20.6 - https:\/\/yoast.com\/wordpress\/plugins\/seo\/ -->\n<title>Ayd\u0131nlatma Metni - Tar\u0131m<\/title>\n<meta name=\"robots\" content=\"index, follow, max-snippet:-1, max-image-preview:large, max-video-preview:-1\" \/>\n<link rel=\"canonical\" href=\"https:\/\/csmsigorta.com.tr\/tarim-sigortasi\/aydinlatma-metni\/\" \/>\n<meta property=\"og:locale\" content=\"tr_TR\" \/>\n<meta property=\"og:type\" content=\"article\" \/>\n<meta property=\"og:title\" content=\"Ayd\u0131nlatma Metni - Tar\u0131m\" \/>\n<meta property=\"og:description\" content=\"\u00c7SM S\u0130GORTA ARACILIK H\u0130ZMETLER\u0130 LTD.\u015eT\u0130. K\u0130\u015e\u0130SEL VER\u0130LER\u0130N KORUNMASI KANUNU KAPSAMINDA TEDAR\u0130K\u00c7\u0130 VE \u0130\u015e ORTAKLI\u011eI AYDINLATMA METN\u0130 Biz,\u00a0\u00c7SM S\u0130GORTA Arac\u0131l\u0131k Hizmetleri Ltd.\u015eti.\u00a0\u00a0(\u201c\u00c7SM\u2019\u2019\u00a0veya \u2018\u2019\u015eirket\u2019\u2019) olarak, ki\u015fisel verilerinizin sizler i\u00e7in ne kadar \u00f6nemli oldu\u011funun fark\u0131nday\u0131z. Faaliyetlerimizi icra ederken, b\u00fcnyemizde bulunan ki\u015fisel verilerinizi emanet olarak g\u00f6r\u00fcyor ve bir \u201cEmanet\u00e7i\u201d sorumlulu\u011fu ile ki\u015fisel verilerinizin her t\u00fcrl\u00fc hukuka ayk\u0131r\u0131 i\u015fleme faaliyetlerine ... Devam\u0131n\u0131 oku...\" \/>\n<meta property=\"og:url\" content=\"https:\/\/csmsigorta.com.tr\/tarim-sigortasi\/aydinlatma-metni\/\" \/>\n<meta property=\"og:site_name\" content=\"Tar\u0131m\" \/>\n<meta property=\"article:modified_time\" content=\"2023-05-05T10:00:28+00:00\" \/>\n<meta name=\"twitter:card\" content=\"summary_large_image\" \/>\n<meta name=\"twitter:label1\" content=\"Tahmini okuma s\u00fcresi\" \/>\n\t<meta name=\"twitter:data1\" content=\"7 dakika\" \/>\n<script type=\"application\/ld+json\" class=\"yoast-schema-graph\">{\"@context\":\"https:\/\/schema.org\",\"@graph\":[{\"@type\":\"WebPage\",\"@id\":\"https:\/\/csmsigorta.com.tr\/tarim-sigortasi\/aydinlatma-metni\/\",\"url\":\"https:\/\/csmsigorta.com.tr\/tarim-sigortasi\/aydinlatma-metni\/\",\"name\":\"Ayd\u0131nlatma Metni - Tar\u0131m\",\"isPartOf\":{\"@id\":\"https:\/\/csmsigorta.com.tr\/tarim-sigortasi\/#website\"},\"datePublished\":\"2023-05-05T09:36:22+00:00\",\"dateModified\":\"2023-05-05T10:00:28+00:00\",\"breadcrumb\":{\"@id\":\"https:\/\/csmsigorta.com.tr\/tarim-sigortasi\/aydinlatma-metni\/#breadcrumb\"},\"inLanguage\":\"tr\",\"potentialAction\":[{\"@type\":\"ReadAction\",\"target\":[\"https:\/\/csmsigorta.com.tr\/tarim-sigortasi\/aydinlatma-metni\/\"]}]},{\"@type\":\"BreadcrumbList\",\"@id\":\"https:\/\/csmsigorta.com.tr\/tarim-sigortasi\/aydinlatma-metni\/#breadcrumb\",\"itemListElement\":[{\"@type\":\"ListItem\",\"position\":1,\"name\":\"Anasayfa\",\"item\":\"https:\/\/csmsigorta.com.tr\/tarim-sigortasi\/\"},{\"@type\":\"ListItem\",\"position\":2,\"name\":\"Ayd\u0131nlatma Metni\"}]},{\"@type\":\"WebSite\",\"@id\":\"https:\/\/csmsigorta.com.tr\/tarim-sigortasi\/#website\",\"url\":\"https:\/\/csmsigorta.com.tr\/tarim-sigortasi\/\",\"name\":\"Tar\u0131m\",\"description\":\"Sigortas\u0131\",\"publisher\":{\"@id\":\"https:\/\/csmsigorta.com.tr\/tarim-sigortasi\/#organization\"},\"potentialAction\":[{\"@type\":\"SearchAction\",\"target\":{\"@type\":\"EntryPoint\",\"urlTemplate\":\"https:\/\/csmsigorta.com.tr\/tarim-sigortasi\/?s={search_term_string}\"},\"query-input\":\"required name=search_term_string\"}],\"inLanguage\":\"tr\"},{\"@type\":\"Organization\",\"@id\":\"https:\/\/csmsigorta.com.tr\/tarim-sigortasi\/#organization\",\"name\":\"Tar\u0131m\",\"url\":\"https:\/\/csmsigorta.com.tr\/tarim-sigortasi\/\",\"logo\":{\"@type\":\"ImageObject\",\"inLanguage\":\"tr\",\"@id\":\"https:\/\/csmsigorta.com.tr\/tarim-sigortasi\/#\/schema\/logo\/image\/\",\"url\":\"https:\/\/csmsigorta.com.tr\/tarim-sigortasi\/wp-content\/uploads\/2023\/04\/csm-logo-1.png\",\"contentUrl\":\"https:\/\/csmsigorta.com.tr\/tarim-sigortasi\/wp-content\/uploads\/2023\/04\/csm-logo-1.png\",\"width\":607,\"height\":316,\"caption\":\"Tar\u0131m\"},\"image\":{\"@id\":\"https:\/\/csmsigorta.com.tr\/tarim-sigortasi\/#\/schema\/logo\/image\/\"}}]}<\/script>\n<!-- \/ Yoast SEO plugin. -->","yoast_head_json":{"title":"Ayd\u0131nlatma Metni - Tar\u0131m","robots":{"index":"index","follow":"follow","max-snippet":"max-snippet:-1","max-image-preview":"max-image-preview:large","max-video-preview":"max-video-preview:-1"},"canonical":"https:\/\/csmsigorta.com.tr\/tarim-sigortasi\/aydinlatma-metni\/","og_locale":"tr_TR","og_type":"article","og_title":"Ayd\u0131nlatma Metni - Tar\u0131m","og_description":"\u00c7SM S\u0130GORTA ARACILIK H\u0130ZMETLER\u0130 LTD.\u015eT\u0130. K\u0130\u015e\u0130SEL VER\u0130LER\u0130N KORUNMASI KANUNU KAPSAMINDA TEDAR\u0130K\u00c7\u0130 VE \u0130\u015e ORTAKLI\u011eI AYDINLATMA METN\u0130 Biz,\u00a0\u00c7SM S\u0130GORTA Arac\u0131l\u0131k Hizmetleri Ltd.\u015eti.\u00a0\u00a0(\u201c\u00c7SM\u2019\u2019\u00a0veya \u2018\u2019\u015eirket\u2019\u2019) olarak, ki\u015fisel verilerinizin sizler i\u00e7in ne kadar \u00f6nemli oldu\u011funun fark\u0131nday\u0131z. Faaliyetlerimizi icra ederken, b\u00fcnyemizde bulunan ki\u015fisel verilerinizi emanet olarak g\u00f6r\u00fcyor ve bir \u201cEmanet\u00e7i\u201d sorumlulu\u011fu ile ki\u015fisel verilerinizin her t\u00fcrl\u00fc hukuka ayk\u0131r\u0131 i\u015fleme faaliyetlerine ... Devam\u0131n\u0131 oku...","og_url":"https:\/\/csmsigorta.com.tr\/tarim-sigortasi\/aydinlatma-metni\/","og_site_name":"Tar\u0131m","article_modified_time":"2023-05-05T10:00:28+00:00","twitter_card":"summary_large_image","twitter_misc":{"Tahmini okuma s\u00fcresi":"7 dakika"},"schema":{"@context":"https:\/\/schema.org","@graph":[{"@type":"WebPage","@id":"https:\/\/csmsigorta.com.tr\/tarim-sigortasi\/aydinlatma-metni\/","url":"https:\/\/csmsigorta.com.tr\/tarim-sigortasi\/aydinlatma-metni\/","name":"Ayd\u0131nlatma Metni - Tar\u0131m","isPartOf":{"@id":"https:\/\/csmsigorta.com.tr\/tarim-sigortasi\/#website"},"datePublished":"2023-05-05T09:36:22+00:00","dateModified":"2023-05-05T10:00:28+00:00","breadcrumb":{"@id":"https:\/\/csmsigorta.com.tr\/tarim-sigortasi\/aydinlatma-metni\/#breadcrumb"},"inLanguage":"tr","potentialAction":[{"@type":"ReadAction","target":["https:\/\/csmsigorta.com.tr\/tarim-sigortasi\/aydinlatma-metni\/"]}]},{"@type":"BreadcrumbList","@id":"https:\/\/csmsigorta.com.tr\/tarim-sigortasi\/aydinlatma-metni\/#breadcrumb","itemListElement":[{"@type":"ListItem","position":1,"name":"Anasayfa","item":"https:\/\/csmsigorta.com.tr\/tarim-sigortasi\/"},{"@type":"ListItem","position":2,"name":"Ayd\u0131nlatma Metni"}]},{"@type":"WebSite","@id":"https:\/\/csmsigorta.com.tr\/tarim-sigortasi\/#website","url":"https:\/\/csmsigorta.com.tr\/tarim-sigortasi\/","name":"Tar\u0131m","description":"Sigortas\u0131","publisher":{"@id":"https:\/\/csmsigorta.com.tr\/tarim-sigortasi\/#organization"},"potentialAction":[{"@type":"SearchAction","target":{"@type":"EntryPoint","urlTemplate":"https:\/\/csmsigorta.com.tr\/tarim-sigortasi\/?s={search_term_string}"},"query-input":"required name=search_term_string"}],"inLanguage":"tr"},{"@type":"Organization","@id":"https:\/\/csmsigorta.com.tr\/tarim-sigortasi\/#organization","name":"Tar\u0131m","url":"https:\/\/csmsigorta.com.tr\/tarim-sigortasi\/","logo":{"@type":"ImageObject","inLanguage":"tr","@id":"https:\/\/csmsigorta.com.tr\/tarim-sigortasi\/#\/schema\/logo\/image\/","url":"https:\/\/csmsigorta.com.tr\/tarim-sigortasi\/wp-content\/uploads\/2023\/04\/csm-logo-1.png","contentUrl":"https:\/\/csmsigorta.com.tr\/tarim-sigortasi\/wp-content\/uploads\/2023\/04\/csm-logo-1.png","width":607,"height":316,"caption":"Tar\u0131m"},"image":{"@id":"https:\/\/csmsigorta.com.tr\/tarim-sigortasi\/#\/schema\/logo\/image\/"}}]}},"_links":{"self":[{"href":"https:\/\/csmsigorta.com.tr\/tarim-sigortasi\/wp-json\/wp\/v2\/pages\/714","targetHints":{"allow":["GET"]}}],"collection":[{"href":"https:\/\/csmsigorta.com.tr\/tarim-sigortasi\/wp-json\/wp\/v2\/pages"}],"about":[{"href":"https:\/\/csmsigorta.com.tr\/tarim-sigortasi\/wp-json\/wp\/v2\/types\/page"}],"author":[{"embeddable":true,"href":"https:\/\/csmsigorta.com.tr\/tarim-sigortasi\/wp-json\/wp\/v2\/users\/1"}],"replies":[{"embeddable":true,"href":"https:\/\/csmsigorta.com.tr\/tarim-sigortasi\/wp-json\/wp\/v2\/comments?post=714"}],"version-history":[{"count":4,"href":"https:\/\/csmsigorta.com.tr\/tarim-sigortasi\/wp-json\/wp\/v2\/pages\/714\/revisions"}],"predecessor-version":[{"id":718,"href":"https:\/\/csmsigorta.com.tr\/tarim-sigortasi\/wp-json\/wp\/v2\/pages\/714\/revisions\/718"}],"wp:attachment":[{"href":"https:\/\/csmsigorta.com.tr\/tarim-sigortasi\/wp-json\/wp\/v2\/media?parent=714"}],"curies":[{"name":"wp","href":"https:\/\/api.w.org\/{rel}","templated":true}]}}